{"id":4059,"date":"2024-10-22T09:46:42","date_gmt":"2024-10-22T09:46:42","guid":{"rendered":"https:\/\/stable-stuff.com\/?page_id=4059"},"modified":"2024-10-22T09:54:55","modified_gmt":"2024-10-22T09:54:55","slug":"august","status":"publish","type":"page","link":"https:\/\/stable-stuff.com\/en\/100-wissen\/jahreszeiten-tipps\/august\/","title":{"rendered":"August"},"content":{"rendered":"<div data-elementor-type=\"wp-page\" data-elementor-id=\"4059\" class=\"elementor elementor-4059\">\n\t\t\t\t<div class=\"elementor-element elementor-element-772c4fe e-flex e-con-boxed e-con e-parent\" data-id=\"772c4fe\" data-element_type=\"container\" data-e-type=\"container\">\n\t\t\t\t\t<div class=\"e-con-inner\">\n\t\t<div class=\"elementor-element elementor-element-f9584fe e-con-full e-flex e-con e-child\" data-id=\"f9584fe\" data-element_type=\"container\" data-e-type=\"container\">\n\t\t\t\t<div class=\"elementor-element elementor-element-d3f441d elementor-widget elementor-widget-image\" data-id=\"d3f441d\" data-element_type=\"widget\" data-e-type=\"widget\" data-widget_type=\"image.default\">\n\t\t\t\t<div class=\"elementor-widget-container\">\n\t\t\t\t\t\t\t\t\t\t\t\t\t\t\t<img fetchpriority=\"high\" decoding=\"async\" width=\"800\" height=\"266\" src=\"https:\/\/stable-stuff.com\/wp-content\/uploads\/2024\/10\/100-Wissen-3-1024x341.png\" class=\"attachment-large size-large wp-image-4060\" alt=\"Jahreszeiten Tipps f\u00fcr dein Pferd - August\" srcset=\"https:\/\/stable-stuff.com\/wp-content\/uploads\/2024\/10\/100-Wissen-3-1024x341.png 1024w, https:\/\/stable-stuff.com\/wp-content\/uploads\/2024\/10\/100-Wissen-3-600x200.png 600w, https:\/\/stable-stuff.com\/wp-content\/uploads\/2024\/10\/100-Wissen-3-300x100.png 300w, https:\/\/stable-stuff.com\/wp-content\/uploads\/2024\/10\/100-Wissen-3-768x256.png 768w, https:\/\/stable-stuff.com\/wp-content\/uploads\/2024\/10\/100-Wissen-3-1536x512.png 1536w, https:\/\/stable-stuff.com\/wp-content\/uploads\/2024\/10\/100-Wissen-3-2048x683.png 2048w, https:\/\/stable-stuff.com\/wp-content\/uploads\/2024\/10\/100-Wissen-3-18x6.png 18w, https:\/\/stable-stuff.com\/wp-content\/uploads\/2024\/10\/100-Wissen-3-180x60.png 180w\" sizes=\"(max-width: 800px) 100vw, 800px\" \/>\t\t\t\t\t\t\t\t\t\t\t\t\t\t\t<\/div>\n\t\t\t\t<\/div>\n\t\t\t\t<div class=\"elementor-element elementor-element-454f9f3 premium-blog-align-center elementor-widget elementor-widget-premium-addon-blog\" data-id=\"454f9f3\" data-element_type=\"widget\" data-e-type=\"widget\" data-settings=\"{&quot;force_height&quot;:&quot;true&quot;,&quot;premium_blog_columns_number&quot;:&quot;33.33%&quot;,&quot;premium_blog_grid&quot;:&quot;yes&quot;,&quot;premium_blog_layout&quot;:&quot;even&quot;,&quot;premium_blog_columns_number_tablet&quot;:&quot;50%&quot;,&quot;premium_blog_columns_number_mobile&quot;:&quot;100%&quot;,&quot;scroll_to_offset&quot;:&quot;yes&quot;}\" data-widget_type=\"premium-addon-blog.default\">\n\t\t\t\t<div class=\"elementor-widget-container\">\n\t\t\t\t\t\n\t\t\n\n\t\t\t\t<div class=\"premium-blog-wrap  premium-blog-even\" data-page=\"4059\" data-pagination=\"true\">\n\t\t\t\t\t\t\t\t\t<div class=\"premium-blog-post-outer-container\" data-total=\"2\">\n\t\t\t<div class=\"premium-blog-post-container premium-blog-skin-modern\">\n\t\t\t\t\t\t\t\t\t<div class=\"premium-blog-thumb-effect-wrapper\">\n\t\t\t\t\t\t<div class=\"premium-blog-thumbnail-container premium-blog-zoomin-effect\">\n\t\t\t\t\t\t\t\t\t\t\t<a href=\"https:\/\/stable-stuff.com\/en\/jahreszeiten-tipps\/pflegeprodukte-im-sommer\/\" target=\"_blank\">\n\t\t\t\t<img decoding=\"async\" width=\"1024\" height=\"768\" src=\"https:\/\/stable-stuff.com\/wp-content\/uploads\/2024\/08\/18.png\" class=\"attachment-full size-full wp-image-3996\" alt=\"Pflegeprodukte im Sommer f\u00fcr dein Pferd\" srcset=\"https:\/\/stable-stuff.com\/wp-content\/uploads\/2024\/08\/18.png 1024w, https:\/\/stable-stuff.com\/wp-content\/uploads\/2024\/08\/18-600x450.png 600w, https:\/\/stable-stuff.com\/wp-content\/uploads\/2024\/08\/18-300x225.png 300w, https:\/\/stable-stuff.com\/wp-content\/uploads\/2024\/08\/18-768x576.png 768w, https:\/\/stable-stuff.com\/wp-content\/uploads\/2024\/08\/18-16x12.png 16w, https:\/\/stable-stuff.com\/wp-content\/uploads\/2024\/08\/18-80x60.png 80w\" sizes=\"(max-width: 1024px) 100vw, 1024px\" \/>\t\t\t\t<\/a>\n\t\t\t\t\t\t\t\t\t\t<\/div>\n\t\t\t\t\t\t\t\t\t\t\t\t\t<div class=\"premium-blog-effect-container premium-blog-none-effect\">\n\t\t\t\t\t\t\t\t<a class=\"premium-blog-post-link\" href=\"https:\/\/stable-stuff.com\/en\/jahreszeiten-tipps\/pflegeprodukte-im-sommer\/\" target=\"_blank\"><span>Sommerausr\u00fcstung f\u00fcrs Pferd: Pflegeprodukte f\u00fcr die hei\u00dfe Jahreszeit<\/span><\/a>\n\t\t\t\t\t\t\t\t\t\t\t\t\t\t\t<\/div>\n\t\t\t\t\t\t\t\t\t\t\t<\/div>\n\t\t\t\t\t\t\t\t\t\t\t\t<div class=\"premium-blog-content-wrapper\">\n\n\t\t\t\t\t<div class=\"premium-blog-inner-container\">\n\n\t\t\t\t\t\t\t\t\t\t\t\t\t\t<p class=\"premium-blog-entry-title\">\n\t\t\t<a href=\"https:\/\/stable-stuff.com\/en\/jahreszeiten-tipps\/pflegeprodukte-im-sommer\/\" target=\"_blank\">\n\t\t\t\tSommerausr\u00fcstung f\u00fcrs Pferd: Pflegeprodukte f\u00fcr die hei\u00dfe Jahreszeit\t\t\t<\/a>\n\t\t<\/p>\n\t\t\t\t<div class=\"premium-blog-entry-meta\">\n\t\t\t\n\t\t\t\n\t\t\t\t\t\t\t<span class=\"premium-blog-meta-separator\">\u2022<\/span>\n\t\t\t\t<div class=\"premium-blog-post-categories premium-blog-meta-data\">\n\t\t\t\t\t<i class=\"fa fa-align-left fa-fw\" aria-hidden=\"true\"><\/i>\n\t\t\t\t\t<a href=\"https:\/\/stable-stuff.com\/en\/category\/jahreszeiten-tipps\/\" rel=\"category tag\">Jahreszeiten Tipps<\/a>, <a href=\"https:\/\/stable-stuff.com\/en\/category\/jahreszeiten-tipps\/august\/\" rel=\"category tag\">August<\/a>, <a href=\"https:\/\/stable-stuff.com\/en\/category\/jahreszeiten-tipps\/august\/ausruestung-und-zubehoer\/\" rel=\"category tag\">Ausr\u00fcstung und Zubeh\u00f6r<\/a>\t\t\t\t<\/div>\n\t\t\t\n\t\t\t\t\t<\/div>\n\t\t\n\t\t\t\t\t<\/div>\n\n\t\t\t\t\t\t\t<div class=\"premium-blog-content-inner-wrapper\">\n\t\t<p class=\"premium-blog-post-content\">Die Sommermonate sind f\u00fcr viele Pferdebesitzer eine Zeit voller sch\u00f6ner Ausritte, ausgedehnter Weideg\u00e4nge und intensiver Pflege. Doch die hohe Hitze und die \u2026<\/p>\t\t<\/div>\n\t\t\t\t\t\t\t\n\t\t\t\t<\/div>\n\t\t\t<\/div>\n\t\t<\/div>\n\n\t\t\t\t<div class=\"premium-blog-post-outer-container\" data-total=\"2\">\n\t\t\t<div class=\"premium-blog-post-container premium-blog-skin-modern\">\n\t\t\t\t\t\t\t\t\t<div class=\"premium-blog-thumb-effect-wrapper\">\n\t\t\t\t\t\t<div class=\"premium-blog-thumbnail-container premium-blog-zoomin-effect\">\n\t\t\t\t\t\t\t\t\t\t\t<a href=\"https:\/\/stable-stuff.com\/en\/jahreszeiten-tipps\/insektensprays-und-fliegenmasken\/\" target=\"_blank\">\n\t\t\t\t<img decoding=\"async\" width=\"1024\" height=\"768\" src=\"https:\/\/stable-stuff.com\/wp-content\/uploads\/2024\/08\/19.png\" class=\"attachment-full size-full wp-image-3997\" alt=\"Insektenspray und Fliegenmasken f\u00fcr den Sommer\" srcset=\"https:\/\/stable-stuff.com\/wp-content\/uploads\/2024\/08\/19.png 1024w, https:\/\/stable-stuff.com\/wp-content\/uploads\/2024\/08\/19-600x450.png 600w, https:\/\/stable-stuff.com\/wp-content\/uploads\/2024\/08\/19-300x225.png 300w, https:\/\/stable-stuff.com\/wp-content\/uploads\/2024\/08\/19-768x576.png 768w, https:\/\/stable-stuff.com\/wp-content\/uploads\/2024\/08\/19-16x12.png 16w, https:\/\/stable-stuff.com\/wp-content\/uploads\/2024\/08\/19-80x60.png 80w\" sizes=\"(max-width: 1024px) 100vw, 1024px\" \/>\t\t\t\t<\/a>\n\t\t\t\t\t\t\t\t\t\t<\/div>\n\t\t\t\t\t\t\t\t\t\t\t\t\t<div class=\"premium-blog-effect-container premium-blog-none-effect\">\n\t\t\t\t\t\t\t\t<a class=\"premium-blog-post-link\" href=\"https:\/\/stable-stuff.com\/en\/jahreszeiten-tipps\/insektensprays-und-fliegenmasken\/\" target=\"_blank\"><span>Sommerausr\u00fcstung f\u00fcrs Pferd: Insektensprays und Fliegenmasken f\u00fcr optimalen Schutz<\/span><\/a>\n\t\t\t\t\t\t\t\t\t\t\t\t\t\t\t<\/div>\n\t\t\t\t\t\t\t\t\t\t\t<\/div>\n\t\t\t\t\t\t\t\t\t\t\t\t<div class=\"premium-blog-content-wrapper\">\n\n\t\t\t\t\t<div class=\"premium-blog-inner-container\">\n\n\t\t\t\t\t\t\t\t\t\t\t\t\t\t<p class=\"premium-blog-entry-title\">\n\t\t\t<a href=\"https:\/\/stable-stuff.com\/en\/jahreszeiten-tipps\/insektensprays-und-fliegenmasken\/\" target=\"_blank\">\n\t\t\t\tSommerausr\u00fcstung f\u00fcrs Pferd: Insektensprays und Fliegenmasken f\u00fcr optimalen Schutz\t\t\t<\/a>\n\t\t<\/p>\n\t\t\t\t<div class=\"premium-blog-entry-meta\">\n\t\t\t\n\t\t\t\n\t\t\t\t\t\t\t<span class=\"premium-blog-meta-separator\">\u2022<\/span>\n\t\t\t\t<div class=\"premium-blog-post-categories premium-blog-meta-data\">\n\t\t\t\t\t<i class=\"fa fa-align-left fa-fw\" aria-hidden=\"true\"><\/i>\n\t\t\t\t\t<a href=\"https:\/\/stable-stuff.com\/en\/category\/jahreszeiten-tipps\/\" rel=\"category tag\">Jahreszeiten Tipps<\/a>, <a href=\"https:\/\/stable-stuff.com\/en\/category\/jahreszeiten-tipps\/august\/\" rel=\"category tag\">August<\/a>, <a href=\"https:\/\/stable-stuff.com\/en\/category\/jahreszeiten-tipps\/august\/ausruestung-und-zubehoer\/\" rel=\"category tag\">Ausr\u00fcstung und Zubeh\u00f6r<\/a>\t\t\t\t<\/div>\n\t\t\t\n\t\t\t\t\t<\/div>\n\t\t\n\t\t\t\t\t<\/div>\n\n\t\t\t\t\t\t\t<div class=\"premium-blog-content-inner-wrapper\">\n\t\t<p class=\"premium-blog-post-content\">Warum sind Insektensprays und -masken im Sommer so wichtig? Im Sommer sind Pferde vermehrt Insekten ausgesetzt, die nicht nur l\u00e4stig, sondern auch \u2026<\/p>\t\t<\/div>\n\t\t\t\t\t\t\t\n\t\t\t\t<\/div>\n\t\t\t<\/div>\n\t\t<\/div>\n\n\t\t\t\t<div class=\"premium-blog-post-outer-container\" data-total=\"2\">\n\t\t\t<div class=\"premium-blog-post-container premium-blog-skin-modern\">\n\t\t\t\t\t\t\t\t\t<div class=\"premium-blog-thumb-effect-wrapper\">\n\t\t\t\t\t\t<div class=\"premium-blog-thumbnail-container premium-blog-zoomin-effect\">\n\t\t\t\t\t\t\t\t\t\t\t<a href=\"https:\/\/stable-stuff.com\/en\/jahreszeiten-tipps\/sommerausruestung-fuer-dein-pferd\/\" target=\"_blank\">\n\t\t\t\t<img loading=\"lazy\" decoding=\"async\" width=\"1024\" height=\"768\" src=\"https:\/\/stable-stuff.com\/wp-content\/uploads\/2024\/08\/20.png\" class=\"attachment-full size-full wp-image-3998\" alt=\"Sommerausr\u00fcstung f\u00fcr dein Pferd - Schabracken und Decken, Frau auf Pferd mit Sattel und Schabracke\" srcset=\"https:\/\/stable-stuff.com\/wp-content\/uploads\/2024\/08\/20.png 1024w, https:\/\/stable-stuff.com\/wp-content\/uploads\/2024\/08\/20-600x450.png 600w, https:\/\/stable-stuff.com\/wp-content\/uploads\/2024\/08\/20-300x225.png 300w, https:\/\/stable-stuff.com\/wp-content\/uploads\/2024\/08\/20-768x576.png 768w, https:\/\/stable-stuff.com\/wp-content\/uploads\/2024\/08\/20-16x12.png 16w, https:\/\/stable-stuff.com\/wp-content\/uploads\/2024\/08\/20-80x60.png 80w\" sizes=\"(max-width: 1024px) 100vw, 1024px\" \/>\t\t\t\t<\/a>\n\t\t\t\t\t\t\t\t\t\t<\/div>\n\t\t\t\t\t\t\t\t\t\t\t\t\t<div class=\"premium-blog-effect-container premium-blog-none-effect\">\n\t\t\t\t\t\t\t\t<a class=\"premium-blog-post-link\" href=\"https:\/\/stable-stuff.com\/en\/jahreszeiten-tipps\/sommerausruestung-fuer-dein-pferd\/\" target=\"_blank\"><span>Die richtige Sommerausr\u00fcstung f\u00fcr dein Pferd: Leichte Sommerdecken und Schabracken<\/span><\/a>\n\t\t\t\t\t\t\t\t\t\t\t\t\t\t\t<\/div>\n\t\t\t\t\t\t\t\t\t\t\t<\/div>\n\t\t\t\t\t\t\t\t\t\t\t\t<div class=\"premium-blog-content-wrapper\">\n\n\t\t\t\t\t<div class=\"premium-blog-inner-container\">\n\n\t\t\t\t\t\t\t\t\t\t\t\t\t\t<p class=\"premium-blog-entry-title\">\n\t\t\t<a href=\"https:\/\/stable-stuff.com\/en\/jahreszeiten-tipps\/sommerausruestung-fuer-dein-pferd\/\" target=\"_blank\">\n\t\t\t\tDie richtige Sommerausr\u00fcstung f\u00fcr dein Pferd: Leichte Sommerdecken und Schabracken\t\t\t<\/a>\n\t\t<\/p>\n\t\t\t\t<div class=\"premium-blog-entry-meta\">\n\t\t\t\n\t\t\t\n\t\t\t\t\t\t\t<span class=\"premium-blog-meta-separator\">\u2022<\/span>\n\t\t\t\t<div class=\"premium-blog-post-categories premium-blog-meta-data\">\n\t\t\t\t\t<i class=\"fa fa-align-left fa-fw\" aria-hidden=\"true\"><\/i>\n\t\t\t\t\t<a href=\"https:\/\/stable-stuff.com\/en\/category\/jahreszeiten-tipps\/\" rel=\"category tag\">Jahreszeiten Tipps<\/a>, <a href=\"https:\/\/stable-stuff.com\/en\/category\/jahreszeiten-tipps\/august\/\" rel=\"category tag\">August<\/a>, <a href=\"https:\/\/stable-stuff.com\/en\/category\/jahreszeiten-tipps\/august\/ausruestung-und-zubehoer\/\" rel=\"category tag\">Ausr\u00fcstung und Zubeh\u00f6r<\/a>\t\t\t\t<\/div>\n\t\t\t\n\t\t\t\t\t<\/div>\n\t\t\n\t\t\t\t\t<\/div>\n\n\t\t\t\t\t\t\t<div class=\"premium-blog-content-inner-wrapper\">\n\t\t<p class=\"premium-blog-post-content\">Der Sommer bringt nicht nur warme Temperaturen und sonnige Tage, sondern stellt auch besondere Anforderungen an die Ausr\u00fcstung deines Pferdes. Wenn es \u2026<\/p>\t\t<\/div>\n\t\t\t\t\t\t\t\n\t\t\t\t<\/div>\n\t\t\t<\/div>\n\t\t<\/div>\n\n\t\t\t\t<div class=\"premium-blog-post-outer-container\" data-total=\"2\">\n\t\t\t<div class=\"premium-blog-post-container premium-blog-skin-modern\">\n\t\t\t\t\t\t\t\t\t<div class=\"premium-blog-thumb-effect-wrapper\">\n\t\t\t\t\t\t<div class=\"premium-blog-thumbnail-container premium-blog-zoomin-effect\">\n\t\t\t\t\t\t\t\t\t\t\t<a href=\"https:\/\/stable-stuff.com\/en\/jahreszeiten-tipps\/impfung-und-wurmkur-im-sommer\/\" target=\"_blank\">\n\t\t\t\t<img loading=\"lazy\" decoding=\"async\" width=\"1024\" height=\"768\" src=\"https:\/\/stable-stuff.com\/wp-content\/uploads\/2024\/08\/21.png\" class=\"attachment-full size-full wp-image-3999\" alt=\"Welche Impfung und Wurmkur im Sommer?\" srcset=\"https:\/\/stable-stuff.com\/wp-content\/uploads\/2024\/08\/21.png 1024w, https:\/\/stable-stuff.com\/wp-content\/uploads\/2024\/08\/21-600x450.png 600w, https:\/\/stable-stuff.com\/wp-content\/uploads\/2024\/08\/21-300x225.png 300w, https:\/\/stable-stuff.com\/wp-content\/uploads\/2024\/08\/21-768x576.png 768w, https:\/\/stable-stuff.com\/wp-content\/uploads\/2024\/08\/21-16x12.png 16w, https:\/\/stable-stuff.com\/wp-content\/uploads\/2024\/08\/21-80x60.png 80w\" sizes=\"(max-width: 1024px) 100vw, 1024px\" \/>\t\t\t\t<\/a>\n\t\t\t\t\t\t\t\t\t\t<\/div>\n\t\t\t\t\t\t\t\t\t\t\t\t\t<div class=\"premium-blog-effect-container premium-blog-none-effect\">\n\t\t\t\t\t\t\t\t<a class=\"premium-blog-post-link\" href=\"https:\/\/stable-stuff.com\/en\/jahreszeiten-tipps\/impfung-und-wurmkur-im-sommer\/\" target=\"_blank\"><span>Gesundheitliche Vorsorge bei Pferden: Impfung und Wurmkur im Sommer<\/span><\/a>\n\t\t\t\t\t\t\t\t\t\t\t\t\t\t\t<\/div>\n\t\t\t\t\t\t\t\t\t\t\t<\/div>\n\t\t\t\t\t\t\t\t\t\t\t\t<div class=\"premium-blog-content-wrapper\">\n\n\t\t\t\t\t<div class=\"premium-blog-inner-container\">\n\n\t\t\t\t\t\t\t\t\t\t\t\t\t\t<p class=\"premium-blog-entry-title\">\n\t\t\t<a href=\"https:\/\/stable-stuff.com\/en\/jahreszeiten-tipps\/impfung-und-wurmkur-im-sommer\/\" target=\"_blank\">\n\t\t\t\tGesundheitliche Vorsorge bei Pferden: Impfung und Wurmkur im Sommer\t\t\t<\/a>\n\t\t<\/p>\n\t\t\t\t<div class=\"premium-blog-entry-meta\">\n\t\t\t\n\t\t\t\n\t\t\t\t\t\t\t<span class=\"premium-blog-meta-separator\">\u2022<\/span>\n\t\t\t\t<div class=\"premium-blog-post-categories premium-blog-meta-data\">\n\t\t\t\t\t<i class=\"fa fa-align-left fa-fw\" aria-hidden=\"true\"><\/i>\n\t\t\t\t\t<a href=\"https:\/\/stable-stuff.com\/en\/category\/jahreszeiten-tipps\/\" rel=\"category tag\">Jahreszeiten Tipps<\/a>, <a href=\"https:\/\/stable-stuff.com\/en\/category\/jahreszeiten-tipps\/august\/\" rel=\"category tag\">August<\/a>, <a href=\"https:\/\/stable-stuff.com\/en\/category\/jahreszeiten-tipps\/august\/gesundheitliche-vorsorge\/\" rel=\"category tag\">Gesundheitliche Vorsorge<\/a>\t\t\t\t<\/div>\n\t\t\t\n\t\t\t\t\t<\/div>\n\t\t\n\t\t\t\t\t<\/div>\n\n\t\t\t\t\t\t\t<div class=\"premium-blog-content-inner-wrapper\">\n\t\t<p class=\"premium-blog-post-content\">Der Sommer ist eine wundersch\u00f6ne Jahreszeit f\u00fcr Pferde, um die langen, sonnigen Tage auf der Weide zu genie\u00dfen. Doch gerade in diesen \u2026<\/p>\t\t<\/div>\n\t\t\t\t\t\t\t\n\t\t\t\t<\/div>\n\t\t\t<\/div>\n\t\t<\/div>\n\n\t\t\t\t<div class=\"premium-blog-post-outer-container\" data-total=\"2\">\n\t\t\t<div class=\"premium-blog-post-container premium-blog-skin-modern\">\n\t\t\t\t\t\t\t\t\t<div class=\"premium-blog-thumb-effect-wrapper\">\n\t\t\t\t\t\t<div class=\"premium-blog-thumbnail-container premium-blog-zoomin-effect\">\n\t\t\t\t\t\t\t\t\t\t\t<a href=\"https:\/\/stable-stuff.com\/en\/jahreszeiten-tipps\/kontrolle-auf-sommerekzem\/\" target=\"_blank\">\n\t\t\t\t<img loading=\"lazy\" decoding=\"async\" width=\"1024\" height=\"768\" src=\"https:\/\/stable-stuff.com\/wp-content\/uploads\/2024\/08\/22.png\" class=\"attachment-full size-full wp-image-4000\" alt=\"Kontrolle auf Sommerekzem beim Pferd\" srcset=\"https:\/\/stable-stuff.com\/wp-content\/uploads\/2024\/08\/22.png 1024w, https:\/\/stable-stuff.com\/wp-content\/uploads\/2024\/08\/22-600x450.png 600w, https:\/\/stable-stuff.com\/wp-content\/uploads\/2024\/08\/22-300x225.png 300w, https:\/\/stable-stuff.com\/wp-content\/uploads\/2024\/08\/22-768x576.png 768w, https:\/\/stable-stuff.com\/wp-content\/uploads\/2024\/08\/22-16x12.png 16w, https:\/\/stable-stuff.com\/wp-content\/uploads\/2024\/08\/22-80x60.png 80w\" sizes=\"(max-width: 1024px) 100vw, 1024px\" \/>\t\t\t\t<\/a>\n\t\t\t\t\t\t\t\t\t\t<\/div>\n\t\t\t\t\t\t\t\t\t\t\t\t\t<div class=\"premium-blog-effect-container premium-blog-none-effect\">\n\t\t\t\t\t\t\t\t<a class=\"premium-blog-post-link\" href=\"https:\/\/stable-stuff.com\/en\/jahreszeiten-tipps\/kontrolle-auf-sommerekzem\/\" target=\"_blank\"><span>Gesundheitliche Vorsorge bei Pferden: Kontrolle auf Sommerekzem<\/span><\/a>\n\t\t\t\t\t\t\t\t\t\t\t\t\t\t\t<\/div>\n\t\t\t\t\t\t\t\t\t\t\t<\/div>\n\t\t\t\t\t\t\t\t\t\t\t\t<div class=\"premium-blog-content-wrapper\">\n\n\t\t\t\t\t<div class=\"premium-blog-inner-container\">\n\n\t\t\t\t\t\t\t\t\t\t\t\t\t\t<p class=\"premium-blog-entry-title\">\n\t\t\t<a href=\"https:\/\/stable-stuff.com\/en\/jahreszeiten-tipps\/kontrolle-auf-sommerekzem\/\" target=\"_blank\">\n\t\t\t\tGesundheitliche Vorsorge bei Pferden: Kontrolle auf Sommerekzem\t\t\t<\/a>\n\t\t<\/p>\n\t\t\t\t<div class=\"premium-blog-entry-meta\">\n\t\t\t\n\t\t\t\n\t\t\t\t\t\t\t<span class=\"premium-blog-meta-separator\">\u2022<\/span>\n\t\t\t\t<div class=\"premium-blog-post-categories premium-blog-meta-data\">\n\t\t\t\t\t<i class=\"fa fa-align-left fa-fw\" aria-hidden=\"true\"><\/i>\n\t\t\t\t\t<a href=\"https:\/\/stable-stuff.com\/en\/category\/jahreszeiten-tipps\/\" rel=\"category tag\">Jahreszeiten Tipps<\/a>, <a href=\"https:\/\/stable-stuff.com\/en\/category\/jahreszeiten-tipps\/august\/\" rel=\"category tag\">August<\/a>, <a href=\"https:\/\/stable-stuff.com\/en\/category\/jahreszeiten-tipps\/august\/gesundheitliche-vorsorge\/\" rel=\"category tag\">Gesundheitliche Vorsorge<\/a>\t\t\t\t<\/div>\n\t\t\t\n\t\t\t\t\t<\/div>\n\t\t\n\t\t\t\t\t<\/div>\n\n\t\t\t\t\t\t\t<div class=\"premium-blog-content-inner-wrapper\">\n\t\t<p class=\"premium-blog-post-content\">Der Sommer ist f\u00fcr viele Pferde eine Zeit der Freude, doch er birgt auch Herausforderungen, insbesondere f\u00fcr Pferde, die anf\u00e4llig f\u00fcr Sommerekzem \u2026<\/p>\t\t<\/div>\n\t\t\t\t\t\t\t\n\t\t\t\t<\/div>\n\t\t\t<\/div>\n\t\t<\/div>\n\n\t\t\t\t<div class=\"premium-blog-post-outer-container\" data-total=\"2\">\n\t\t\t<div class=\"premium-blog-post-container premium-blog-skin-modern\">\n\t\t\t\t\t\t\t\t\t<div class=\"premium-blog-thumb-effect-wrapper\">\n\t\t\t\t\t\t<div class=\"premium-blog-thumbnail-container premium-blog-zoomin-effect\">\n\t\t\t\t\t\t\t\t\t\t\t<a href=\"https:\/\/stable-stuff.com\/en\/jahreszeiten-tipps\/vorbeugung-von-hitzschlag\/\" target=\"_blank\">\n\t\t\t\t<img loading=\"lazy\" decoding=\"async\" width=\"1024\" height=\"768\" src=\"https:\/\/stable-stuff.com\/wp-content\/uploads\/2024\/08\/23.png\" class=\"attachment-full size-full wp-image-4001\" alt=\"Hitzeschlag Pferd - zwei Pferde kuscheln\" srcset=\"https:\/\/stable-stuff.com\/wp-content\/uploads\/2024\/08\/23.png 1024w, https:\/\/stable-stuff.com\/wp-content\/uploads\/2024\/08\/23-600x450.png 600w, https:\/\/stable-stuff.com\/wp-content\/uploads\/2024\/08\/23-300x225.png 300w, https:\/\/stable-stuff.com\/wp-content\/uploads\/2024\/08\/23-768x576.png 768w, https:\/\/stable-stuff.com\/wp-content\/uploads\/2024\/08\/23-16x12.png 16w, https:\/\/stable-stuff.com\/wp-content\/uploads\/2024\/08\/23-80x60.png 80w\" sizes=\"(max-width: 1024px) 100vw, 1024px\" \/>\t\t\t\t<\/a>\n\t\t\t\t\t\t\t\t\t\t<\/div>\n\t\t\t\t\t\t\t\t\t\t\t\t\t<div class=\"premium-blog-effect-container premium-blog-none-effect\">\n\t\t\t\t\t\t\t\t<a class=\"premium-blog-post-link\" href=\"https:\/\/stable-stuff.com\/en\/jahreszeiten-tipps\/vorbeugung-von-hitzschlag\/\" target=\"_blank\"><span>Gesundheitliche Vorsorge bei Pferden: Vorbeugung von Hitzschlag und Hitzestress<\/span><\/a>\n\t\t\t\t\t\t\t\t\t\t\t\t\t\t\t<\/div>\n\t\t\t\t\t\t\t\t\t\t\t<\/div>\n\t\t\t\t\t\t\t\t\t\t\t\t<div class=\"premium-blog-content-wrapper\">\n\n\t\t\t\t\t<div class=\"premium-blog-inner-container\">\n\n\t\t\t\t\t\t\t\t\t\t\t\t\t\t<p class=\"premium-blog-entry-title\">\n\t\t\t<a href=\"https:\/\/stable-stuff.com\/en\/jahreszeiten-tipps\/vorbeugung-von-hitzschlag\/\" target=\"_blank\">\n\t\t\t\tGesundheitliche Vorsorge bei Pferden: Vorbeugung von Hitzschlag und Hitzestress\t\t\t<\/a>\n\t\t<\/p>\n\t\t\t\t<div class=\"premium-blog-entry-meta\">\n\t\t\t\n\t\t\t\n\t\t\t\t\t\t\t<span class=\"premium-blog-meta-separator\">\u2022<\/span>\n\t\t\t\t<div class=\"premium-blog-post-categories premium-blog-meta-data\">\n\t\t\t\t\t<i class=\"fa fa-align-left fa-fw\" aria-hidden=\"true\"><\/i>\n\t\t\t\t\t<a href=\"https:\/\/stable-stuff.com\/en\/category\/jahreszeiten-tipps\/\" rel=\"category tag\">Jahreszeiten Tipps<\/a>, <a href=\"https:\/\/stable-stuff.com\/en\/category\/jahreszeiten-tipps\/august\/\" rel=\"category tag\">August<\/a>, <a href=\"https:\/\/stable-stuff.com\/en\/category\/jahreszeiten-tipps\/august\/gesundheitliche-vorsorge\/\" rel=\"category tag\">Gesundheitliche Vorsorge<\/a>\t\t\t\t<\/div>\n\t\t\t\n\t\t\t\t\t<\/div>\n\t\t\n\t\t\t\t\t<\/div>\n\n\t\t\t\t\t\t\t<div class=\"premium-blog-content-inner-wrapper\">\n\t\t<p class=\"premium-blog-post-content\">Der Sommer ist eine wundervolle Zeit f\u00fcr ausgedehnte Ausritte und lange Tage auf der Weide. Doch die steigenden Temperaturen bringen auch Gefahren \u2026<\/p>\t\t<\/div>\n\t\t\t\t\t\t\t\n\t\t\t\t<\/div>\n\t\t\t<\/div>\n\t\t<\/div>\n\n\t\t\t\t<div class=\"premium-blog-post-outer-container\" data-total=\"2\">\n\t\t\t<div class=\"premium-blog-post-container premium-blog-skin-modern\">\n\t\t\t\t\t\t\t\t\t<div class=\"premium-blog-thumb-effect-wrapper\">\n\t\t\t\t\t\t<div class=\"premium-blog-thumbnail-container premium-blog-zoomin-effect\">\n\t\t\t\t\t\t\t\t\t\t\t<a href=\"https:\/\/stable-stuff.com\/en\/jahreszeiten-tipps\/abkuehlung-fuer-pferde\/\" target=\"_blank\">\n\t\t\t\t<img loading=\"lazy\" decoding=\"async\" width=\"1024\" height=\"768\" src=\"https:\/\/stable-stuff.com\/wp-content\/uploads\/2024\/08\/24.png\" class=\"attachment-full size-full wp-image-4002\" alt=\"Abk\u00fchlung f\u00fcr Pferde im SommerAbk\u00fchlung f\u00fcr Pferde im Sommer\" srcset=\"https:\/\/stable-stuff.com\/wp-content\/uploads\/2024\/08\/24.png 1024w, https:\/\/stable-stuff.com\/wp-content\/uploads\/2024\/08\/24-600x450.png 600w, https:\/\/stable-stuff.com\/wp-content\/uploads\/2024\/08\/24-300x225.png 300w, https:\/\/stable-stuff.com\/wp-content\/uploads\/2024\/08\/24-768x576.png 768w, https:\/\/stable-stuff.com\/wp-content\/uploads\/2024\/08\/24-16x12.png 16w, https:\/\/stable-stuff.com\/wp-content\/uploads\/2024\/08\/24-80x60.png 80w\" sizes=\"(max-width: 1024px) 100vw, 1024px\" \/>\t\t\t\t<\/a>\n\t\t\t\t\t\t\t\t\t\t<\/div>\n\t\t\t\t\t\t\t\t\t\t\t\t\t<div class=\"premium-blog-effect-container premium-blog-none-effect\">\n\t\t\t\t\t\t\t\t<a class=\"premium-blog-post-link\" href=\"https:\/\/stable-stuff.com\/en\/jahreszeiten-tipps\/abkuehlung-fuer-pferde\/\" target=\"_blank\"><span>Sommerliche Aktivit\u00e4ten f\u00fcr Pferde: Abk\u00fchlung f\u00fcr Pferde mit Wasserspielen und Schwimmen<\/span><\/a>\n\t\t\t\t\t\t\t\t\t\t\t\t\t\t\t<\/div>\n\t\t\t\t\t\t\t\t\t\t\t<\/div>\n\t\t\t\t\t\t\t\t\t\t\t\t<div class=\"premium-blog-content-wrapper\">\n\n\t\t\t\t\t<div class=\"premium-blog-inner-container\">\n\n\t\t\t\t\t\t\t\t\t\t\t\t\t\t<p class=\"premium-blog-entry-title\">\n\t\t\t<a href=\"https:\/\/stable-stuff.com\/en\/jahreszeiten-tipps\/abkuehlung-fuer-pferde\/\" target=\"_blank\">\n\t\t\t\tSommerliche Aktivit\u00e4ten f\u00fcr Pferde: Abk\u00fchlung f\u00fcr Pferde mit Wasserspielen und Schwimmen\t\t\t<\/a>\n\t\t<\/p>\n\t\t\t\t<div class=\"premium-blog-entry-meta\">\n\t\t\t\n\t\t\t\n\t\t\t\t\t\t\t<span class=\"premium-blog-meta-separator\">\u2022<\/span>\n\t\t\t\t<div class=\"premium-blog-post-categories premium-blog-meta-data\">\n\t\t\t\t\t<i class=\"fa fa-align-left fa-fw\" aria-hidden=\"true\"><\/i>\n\t\t\t\t\t<a href=\"https:\/\/stable-stuff.com\/en\/category\/jahreszeiten-tipps\/\" rel=\"category tag\">Jahreszeiten Tipps<\/a>, <a href=\"https:\/\/stable-stuff.com\/en\/category\/jahreszeiten-tipps\/august\/\" rel=\"category tag\">August<\/a>, <a href=\"https:\/\/stable-stuff.com\/en\/category\/jahreszeiten-tipps\/august\/sommeraktivitaeten-fuer-pferde\/\" rel=\"category tag\">Sommeraktivit\u00e4ten f\u00fcr Pferde<\/a>\t\t\t\t<\/div>\n\t\t\t\n\t\t\t\t\t<\/div>\n\t\t\n\t\t\t\t\t<\/div>\n\n\t\t\t\t\t\t\t<div class=\"premium-blog-content-inner-wrapper\">\n\t\t<p class=\"premium-blog-post-content\">Der Sommer bringt nicht nur warme Tage, sondern auch die perfekte Gelegenheit, dein Pferd auf kreative und erfrischende Weise zu besch\u00e4ftigen. Wenn \u2026<\/p>\t\t<\/div>\n\t\t\t\t\t\t\t\n\t\t\t\t<\/div>\n\t\t\t<\/div>\n\t\t<\/div>\n\n\t\t\t\t<div class=\"premium-blog-post-outer-container\" data-total=\"2\">\n\t\t\t<div class=\"premium-blog-post-container premium-blog-skin-modern\">\n\t\t\t\t\t\t\t\t\t<div class=\"premium-blog-thumb-effect-wrapper\">\n\t\t\t\t\t\t<div class=\"premium-blog-thumbnail-container premium-blog-zoomin-effect\">\n\t\t\t\t\t\t\t\t\t\t\t<a href=\"https:\/\/stable-stuff.com\/en\/jahreszeiten-tipps\/sommeraktivitaeten-fuer-pferde\/\" target=\"_blank\">\n\t\t\t\t<img loading=\"lazy\" decoding=\"async\" width=\"1024\" height=\"768\" src=\"https:\/\/stable-stuff.com\/wp-content\/uploads\/2024\/08\/25.png\" class=\"attachment-full size-full wp-image-4003\" alt=\"Sommeraktivit\u00e4ten f\u00fcr Pferde: Ideen f\u00fcr Leichte Arbeit und Spiele\" srcset=\"https:\/\/stable-stuff.com\/wp-content\/uploads\/2024\/08\/25.png 1024w, https:\/\/stable-stuff.com\/wp-content\/uploads\/2024\/08\/25-600x450.png 600w, https:\/\/stable-stuff.com\/wp-content\/uploads\/2024\/08\/25-300x225.png 300w, https:\/\/stable-stuff.com\/wp-content\/uploads\/2024\/08\/25-768x576.png 768w, https:\/\/stable-stuff.com\/wp-content\/uploads\/2024\/08\/25-16x12.png 16w, https:\/\/stable-stuff.com\/wp-content\/uploads\/2024\/08\/25-80x60.png 80w\" sizes=\"(max-width: 1024px) 100vw, 1024px\" \/>\t\t\t\t<\/a>\n\t\t\t\t\t\t\t\t\t\t<\/div>\n\t\t\t\t\t\t\t\t\t\t\t\t\t<div class=\"premium-blog-effect-container premium-blog-none-effect\">\n\t\t\t\t\t\t\t\t<a class=\"premium-blog-post-link\" href=\"https:\/\/stable-stuff.com\/en\/jahreszeiten-tipps\/sommeraktivitaeten-fuer-pferde\/\" target=\"_blank\"><span>Sommeraktivit\u00e4ten f\u00fcr Pferde: Ideen f\u00fcr Leichte Arbeit und Spiele<\/span><\/a>\n\t\t\t\t\t\t\t\t\t\t\t\t\t\t\t<\/div>\n\t\t\t\t\t\t\t\t\t\t\t<\/div>\n\t\t\t\t\t\t\t\t\t\t\t\t<div class=\"premium-blog-content-wrapper\">\n\n\t\t\t\t\t<div class=\"premium-blog-inner-container\">\n\n\t\t\t\t\t\t\t\t\t\t\t\t\t\t<p class=\"premium-blog-entry-title\">\n\t\t\t<a href=\"https:\/\/stable-stuff.com\/en\/jahreszeiten-tipps\/sommeraktivitaeten-fuer-pferde\/\" target=\"_blank\">\n\t\t\t\tSommeraktivit\u00e4ten f\u00fcr Pferde: Ideen f\u00fcr Leichte Arbeit und Spiele\t\t\t<\/a>\n\t\t<\/p>\n\t\t\t\t<div class=\"premium-blog-entry-meta\">\n\t\t\t\n\t\t\t\n\t\t\t\t\t\t\t<span class=\"premium-blog-meta-separator\">\u2022<\/span>\n\t\t\t\t<div class=\"premium-blog-post-categories premium-blog-meta-data\">\n\t\t\t\t\t<i class=\"fa fa-align-left fa-fw\" aria-hidden=\"true\"><\/i>\n\t\t\t\t\t<a href=\"https:\/\/stable-stuff.com\/en\/category\/jahreszeiten-tipps\/\" rel=\"category tag\">Jahreszeiten Tipps<\/a>, <a href=\"https:\/\/stable-stuff.com\/en\/category\/jahreszeiten-tipps\/august\/\" rel=\"category tag\">August<\/a>, <a href=\"https:\/\/stable-stuff.com\/en\/category\/jahreszeiten-tipps\/august\/sommeraktivitaeten-fuer-pferde\/\" rel=\"category tag\">Sommeraktivit\u00e4ten f\u00fcr Pferde<\/a>\t\t\t\t<\/div>\n\t\t\t\n\t\t\t\t\t<\/div>\n\t\t\n\t\t\t\t\t<\/div>\n\n\t\t\t\t\t\t\t<div class=\"premium-blog-content-inner-wrapper\">\n\t\t<p class=\"premium-blog-post-content\">Der Sommer ist eine wunderbare Zeit, um mit deinem Pferd neue Dinge auszuprobieren und gemeinsam Spa\u00df zu haben. Doch wenn die Temperaturen \u2026<\/p>\t\t<\/div>\n\t\t\t\t\t\t\t\n\t\t\t\t<\/div>\n\t\t\t<\/div>\n\t\t<\/div>\n\n\t\t\t\t<div class=\"premium-blog-post-outer-container\" data-total=\"2\">\n\t\t\t<div class=\"premium-blog-post-container premium-blog-skin-modern\">\n\t\t\t\t\t\t\t\t\t<div class=\"premium-blog-thumb-effect-wrapper\">\n\t\t\t\t\t\t<div class=\"premium-blog-thumbnail-container premium-blog-zoomin-effect\">\n\t\t\t\t\t\t\t\t\t\t\t<a href=\"https:\/\/stable-stuff.com\/en\/jahreszeiten-tipps\/reiten-im-sommer\/\" target=\"_blank\">\n\t\t\t\t<img loading=\"lazy\" decoding=\"async\" width=\"1024\" height=\"768\" src=\"https:\/\/stable-stuff.com\/wp-content\/uploads\/2024\/08\/Blog-Bilder.png\" class=\"attachment-full size-full wp-image-4005\" alt=\"Sommeraktivit\u00e4ten f\u00fcr Pferde: Sicheres Reiten im Sommer bei hohen Temperaturen, Reiten im Sommer\" srcset=\"https:\/\/stable-stuff.com\/wp-content\/uploads\/2024\/08\/Blog-Bilder.png 1024w, https:\/\/stable-stuff.com\/wp-content\/uploads\/2024\/08\/Blog-Bilder-600x450.png 600w, https:\/\/stable-stuff.com\/wp-content\/uploads\/2024\/08\/Blog-Bilder-300x225.png 300w, https:\/\/stable-stuff.com\/wp-content\/uploads\/2024\/08\/Blog-Bilder-768x576.png 768w, https:\/\/stable-stuff.com\/wp-content\/uploads\/2024\/08\/Blog-Bilder-16x12.png 16w, https:\/\/stable-stuff.com\/wp-content\/uploads\/2024\/08\/Blog-Bilder-80x60.png 80w\" sizes=\"(max-width: 1024px) 100vw, 1024px\" \/>\t\t\t\t<\/a>\n\t\t\t\t\t\t\t\t\t\t<\/div>\n\t\t\t\t\t\t\t\t\t\t\t\t\t<div class=\"premium-blog-effect-container premium-blog-none-effect\">\n\t\t\t\t\t\t\t\t<a class=\"premium-blog-post-link\" href=\"https:\/\/stable-stuff.com\/en\/jahreszeiten-tipps\/reiten-im-sommer\/\" target=\"_blank\"><span>Sommeraktivit\u00e4ten f\u00fcr Pferde: Sicheres Reiten im Sommer bei hohen Temperaturen<\/span><\/a>\n\t\t\t\t\t\t\t\t\t\t\t\t\t\t\t<\/div>\n\t\t\t\t\t\t\t\t\t\t\t<\/div>\n\t\t\t\t\t\t\t\t\t\t\t\t<div class=\"premium-blog-content-wrapper\">\n\n\t\t\t\t\t<div class=\"premium-blog-inner-container\">\n\n\t\t\t\t\t\t\t\t\t\t\t\t\t\t<p class=\"premium-blog-entry-title\">\n\t\t\t<a href=\"https:\/\/stable-stuff.com\/en\/jahreszeiten-tipps\/reiten-im-sommer\/\" target=\"_blank\">\n\t\t\t\tSommeraktivit\u00e4ten f\u00fcr Pferde: Sicheres Reiten im Sommer bei hohen Temperaturen\t\t\t<\/a>\n\t\t<\/p>\n\t\t\t\t<div class=\"premium-blog-entry-meta\">\n\t\t\t\n\t\t\t\n\t\t\t\t\t\t\t<span class=\"premium-blog-meta-separator\">\u2022<\/span>\n\t\t\t\t<div class=\"premium-blog-post-categories premium-blog-meta-data\">\n\t\t\t\t\t<i class=\"fa fa-align-left fa-fw\" aria-hidden=\"true\"><\/i>\n\t\t\t\t\t<a href=\"https:\/\/stable-stuff.com\/en\/category\/jahreszeiten-tipps\/\" rel=\"category tag\">Jahreszeiten Tipps<\/a>, <a href=\"https:\/\/stable-stuff.com\/en\/category\/jahreszeiten-tipps\/august\/\" rel=\"category tag\">August<\/a>, <a href=\"https:\/\/stable-stuff.com\/en\/category\/jahreszeiten-tipps\/august\/sommeraktivitaeten-fuer-pferde\/\" rel=\"category tag\">Sommeraktivit\u00e4ten f\u00fcr Pferde<\/a>\t\t\t\t<\/div>\n\t\t\t\n\t\t\t\t\t<\/div>\n\t\t\n\t\t\t\t\t<\/div>\n\n\t\t\t\t\t\t\t<div class=\"premium-blog-content-inner-wrapper\">\n\t\t<p class=\"premium-blog-post-content\">Der Sommer ist eine herrliche Zeit, um mit dem Pferd die Natur zu genie\u00dfen, lange Ausritte zu unternehmen oder einfach gemeinsam Zeit \u2026<\/p>\t\t<\/div>\n\t\t\t\t\t\t\t\n\t\t\t\t<\/div>\n\t\t\t<\/div>\n\t\t<\/div>\n\n\t\t\t\t<div class=\"premium-blog-post-outer-container\" data-total=\"2\">\n\t\t\t<div class=\"premium-blog-post-container premium-blog-skin-modern\">\n\t\t\t\t\t\t\t\t\t<div class=\"premium-blog-thumb-effect-wrapper\">\n\t\t\t\t\t\t<div class=\"premium-blog-thumbnail-container premium-blog-zoomin-effect\">\n\t\t\t\t\t\t\t\t\t\t\t<a href=\"https:\/\/stable-stuff.com\/en\/jahreszeiten-tipps\/ventilatoren-und-sprinkler\/\" target=\"_blank\">\n\t\t\t\t<img loading=\"lazy\" decoding=\"async\" width=\"1024\" height=\"768\" src=\"https:\/\/stable-stuff.com\/wp-content\/uploads\/2024\/08\/Blog-Bilder-2.png\" class=\"attachment-full size-full wp-image-4006\" alt=\"Ventilator und Sprinkler im Sommer f\u00fcr Pferde\" srcset=\"https:\/\/stable-stuff.com\/wp-content\/uploads\/2024\/08\/Blog-Bilder-2.png 1024w, https:\/\/stable-stuff.com\/wp-content\/uploads\/2024\/08\/Blog-Bilder-2-600x450.png 600w, https:\/\/stable-stuff.com\/wp-content\/uploads\/2024\/08\/Blog-Bilder-2-300x225.png 300w, https:\/\/stable-stuff.com\/wp-content\/uploads\/2024\/08\/Blog-Bilder-2-768x576.png 768w, https:\/\/stable-stuff.com\/wp-content\/uploads\/2024\/08\/Blog-Bilder-2-16x12.png 16w, https:\/\/stable-stuff.com\/wp-content\/uploads\/2024\/08\/Blog-Bilder-2-80x60.png 80w\" sizes=\"(max-width: 1024px) 100vw, 1024px\" \/>\t\t\t\t<\/a>\n\t\t\t\t\t\t\t\t\t\t<\/div>\n\t\t\t\t\t\t\t\t\t\t\t\t\t<div class=\"premium-blog-effect-container premium-blog-none-effect\">\n\t\t\t\t\t\t\t\t<a class=\"premium-blog-post-link\" href=\"https:\/\/stable-stuff.com\/en\/jahreszeiten-tipps\/ventilatoren-und-sprinkler\/\" target=\"_blank\"><span>Hitzeschutz f\u00fcr Pferde: Die richtige Nutzung von Ventilatoren und Sprinklern<\/span><\/a>\n\t\t\t\t\t\t\t\t\t\t\t\t\t\t\t<\/div>\n\t\t\t\t\t\t\t\t\t\t\t<\/div>\n\t\t\t\t\t\t\t\t\t\t\t\t<div class=\"premium-blog-content-wrapper\">\n\n\t\t\t\t\t<div class=\"premium-blog-inner-container\">\n\n\t\t\t\t\t\t\t\t\t\t\t\t\t\t<p class=\"premium-blog-entry-title\">\n\t\t\t<a href=\"https:\/\/stable-stuff.com\/en\/jahreszeiten-tipps\/ventilatoren-und-sprinkler\/\" target=\"_blank\">\n\t\t\t\tHitzeschutz f\u00fcr Pferde: Die richtige Nutzung von Ventilatoren und Sprinklern\t\t\t<\/a>\n\t\t<\/p>\n\t\t\t\t<div class=\"premium-blog-entry-meta\">\n\t\t\t\n\t\t\t\n\t\t\t\t\t\t\t<span class=\"premium-blog-meta-separator\">\u2022<\/span>\n\t\t\t\t<div class=\"premium-blog-post-categories premium-blog-meta-data\">\n\t\t\t\t\t<i class=\"fa fa-align-left fa-fw\" aria-hidden=\"true\"><\/i>\n\t\t\t\t\t<a href=\"https:\/\/stable-stuff.com\/en\/category\/jahreszeiten-tipps\/\" rel=\"category tag\">Jahreszeiten Tipps<\/a>, <a href=\"https:\/\/stable-stuff.com\/en\/category\/jahreszeiten-tipps\/august\/\" rel=\"category tag\">August<\/a>, <a href=\"https:\/\/stable-stuff.com\/en\/category\/jahreszeiten-tipps\/august\/hitzeschutz\/\" rel=\"category tag\">Hitzeschutz<\/a>\t\t\t\t<\/div>\n\t\t\t\n\t\t\t\t\t<\/div>\n\t\t\n\t\t\t\t\t<\/div>\n\n\t\t\t\t\t\t\t<div class=\"premium-blog-content-inner-wrapper\">\n\t\t<p class=\"premium-blog-post-content\">Der Sommer bringt nicht nur f\u00fcr uns Menschen, sondern auch f\u00fcr unsere Pferde hohe Temperaturen mit sich. Pferde haben jedoch im Gegensatz \u2026<\/p>\t\t<\/div>\n\t\t\t\t\t\t\t\n\t\t\t\t<\/div>\n\t\t\t<\/div>\n\t\t<\/div>\n\n\t\t\t\t<div class=\"premium-blog-post-outer-container\" data-total=\"2\">\n\t\t\t<div class=\"premium-blog-post-container premium-blog-skin-modern\">\n\t\t\t\t\t\t\t\t\t<div class=\"premium-blog-thumb-effect-wrapper\">\n\t\t\t\t\t\t<div class=\"premium-blog-thumbnail-container premium-blog-zoomin-effect\">\n\t\t\t\t\t\t\t\t\t\t\t<a href=\"https:\/\/stable-stuff.com\/en\/jahreszeiten-tipps\/fliegendecke-fuers-pferd\/\" target=\"_blank\">\n\t\t\t\t<img loading=\"lazy\" decoding=\"async\" width=\"1024\" height=\"768\" src=\"https:\/\/stable-stuff.com\/wp-content\/uploads\/2024\/08\/Blog-Bilder-3.png\" class=\"attachment-full size-full wp-image-4007\" alt=\"Fliegendecke f\u00fcrs Pferd\" srcset=\"https:\/\/stable-stuff.com\/wp-content\/uploads\/2024\/08\/Blog-Bilder-3.png 1024w, https:\/\/stable-stuff.com\/wp-content\/uploads\/2024\/08\/Blog-Bilder-3-600x450.png 600w, https:\/\/stable-stuff.com\/wp-content\/uploads\/2024\/08\/Blog-Bilder-3-300x225.png 300w, https:\/\/stable-stuff.com\/wp-content\/uploads\/2024\/08\/Blog-Bilder-3-768x576.png 768w, https:\/\/stable-stuff.com\/wp-content\/uploads\/2024\/08\/Blog-Bilder-3-16x12.png 16w, https:\/\/stable-stuff.com\/wp-content\/uploads\/2024\/08\/Blog-Bilder-3-80x60.png 80w\" sizes=\"(max-width: 1024px) 100vw, 1024px\" \/>\t\t\t\t<\/a>\n\t\t\t\t\t\t\t\t\t\t<\/div>\n\t\t\t\t\t\t\t\t\t\t\t\t\t<div class=\"premium-blog-effect-container premium-blog-none-effect\">\n\t\t\t\t\t\t\t\t<a class=\"premium-blog-post-link\" href=\"https:\/\/stable-stuff.com\/en\/jahreszeiten-tipps\/fliegendecke-fuers-pferd\/\" target=\"_blank\"><span>Hitze- &amp; Insektenschutz im Sommer: Die richtige Fliegendecke f\u00fcrs Pferd<\/span><\/a>\n\t\t\t\t\t\t\t\t\t\t\t\t\t\t\t<\/div>\n\t\t\t\t\t\t\t\t\t\t\t<\/div>\n\t\t\t\t\t\t\t\t\t\t\t\t<div class=\"premium-blog-content-wrapper\">\n\n\t\t\t\t\t<div class=\"premium-blog-inner-container\">\n\n\t\t\t\t\t\t\t\t\t\t\t\t\t\t<p class=\"premium-blog-entry-title\">\n\t\t\t<a href=\"https:\/\/stable-stuff.com\/en\/jahreszeiten-tipps\/fliegendecke-fuers-pferd\/\" target=\"_blank\">\n\t\t\t\tHitze- &amp; Insektenschutz im Sommer: Die richtige Fliegendecke f\u00fcrs Pferd\t\t\t<\/a>\n\t\t<\/p>\n\t\t\t\t<div class=\"premium-blog-entry-meta\">\n\t\t\t\n\t\t\t\n\t\t\t\t\t\t\t<span class=\"premium-blog-meta-separator\">\u2022<\/span>\n\t\t\t\t<div class=\"premium-blog-post-categories premium-blog-meta-data\">\n\t\t\t\t\t<i class=\"fa fa-align-left fa-fw\" aria-hidden=\"true\"><\/i>\n\t\t\t\t\t<a href=\"https:\/\/stable-stuff.com\/en\/category\/jahreszeiten-tipps\/\" rel=\"category tag\">Jahreszeiten Tipps<\/a>, <a href=\"https:\/\/stable-stuff.com\/en\/category\/jahreszeiten-tipps\/august\/\" rel=\"category tag\">August<\/a>, <a href=\"https:\/\/stable-stuff.com\/en\/category\/jahreszeiten-tipps\/august\/hitzeschutz\/\" rel=\"category tag\">Hitzeschutz<\/a>\t\t\t\t<\/div>\n\t\t\t\n\t\t\t\t\t<\/div>\n\t\t\n\t\t\t\t\t<\/div>\n\n\t\t\t\t\t\t\t<div class=\"premium-blog-content-inner-wrapper\">\n\t\t<p class=\"premium-blog-post-content\">Mit den warmen Sommermonaten kommen nicht nur hohe Temperaturen, sondern auch eine Vielzahl an Insekten, die unseren Pferden das Leben schwer machen \u2026<\/p>\t\t<\/div>\n\t\t\t\t\t\t\t\n\t\t\t\t<\/div>\n\t\t\t<\/div>\n\t\t<\/div>\n\n\t\t\t\t<div class=\"premium-blog-post-outer-container\" data-total=\"2\">\n\t\t\t<div class=\"premium-blog-post-container premium-blog-skin-modern\">\n\t\t\t\t\t\t\t\t\t<div class=\"premium-blog-thumb-effect-wrapper\">\n\t\t\t\t\t\t<div class=\"premium-blog-thumbnail-container premium-blog-zoomin-effect\">\n\t\t\t\t\t\t\t\t\t\t\t<a href=\"https:\/\/stable-stuff.com\/en\/jahreszeiten-tipps\/hitzeschutz-fuer-pferde\/\" target=\"_blank\">\n\t\t\t\t<img loading=\"lazy\" decoding=\"async\" width=\"1024\" height=\"768\" src=\"https:\/\/stable-stuff.com\/wp-content\/uploads\/2024\/08\/Blog-Bilder-4.png\" class=\"attachment-full size-full wp-image-4008\" alt=\"Hitzeschutz f\u00fcr Pferde\" srcset=\"https:\/\/stable-stuff.com\/wp-content\/uploads\/2024\/08\/Blog-Bilder-4.png 1024w, https:\/\/stable-stuff.com\/wp-content\/uploads\/2024\/08\/Blog-Bilder-4-600x450.png 600w, https:\/\/stable-stuff.com\/wp-content\/uploads\/2024\/08\/Blog-Bilder-4-300x225.png 300w, https:\/\/stable-stuff.com\/wp-content\/uploads\/2024\/08\/Blog-Bilder-4-768x576.png 768w, https:\/\/stable-stuff.com\/wp-content\/uploads\/2024\/08\/Blog-Bilder-4-16x12.png 16w, https:\/\/stable-stuff.com\/wp-content\/uploads\/2024\/08\/Blog-Bilder-4-80x60.png 80w\" sizes=\"(max-width: 1024px) 100vw, 1024px\" \/>\t\t\t\t<\/a>\n\t\t\t\t\t\t\t\t\t\t<\/div>\n\t\t\t\t\t\t\t\t\t\t\t\t\t<div class=\"premium-blog-effect-container premium-blog-none-effect\">\n\t\t\t\t\t\t\t\t<a class=\"premium-blog-post-link\" href=\"https:\/\/stable-stuff.com\/en\/jahreszeiten-tipps\/hitzeschutz-fuer-pferde\/\" target=\"_blank\"><span>Hitzeschutz f\u00fcr Pferde: Effektive Beschattung von Paddocks und Weiden<\/span><\/a>\n\t\t\t\t\t\t\t\t\t\t\t\t\t\t\t<\/div>\n\t\t\t\t\t\t\t\t\t\t\t<\/div>\n\t\t\t\t\t\t\t\t\t\t\t\t<div class=\"premium-blog-content-wrapper\">\n\n\t\t\t\t\t<div class=\"premium-blog-inner-container\">\n\n\t\t\t\t\t\t\t\t\t\t\t\t\t\t<p class=\"premium-blog-entry-title\">\n\t\t\t<a href=\"https:\/\/stable-stuff.com\/en\/jahreszeiten-tipps\/hitzeschutz-fuer-pferde\/\" target=\"_blank\">\n\t\t\t\tHitzeschutz f\u00fcr Pferde: Effektive Beschattung von Paddocks und Weiden\t\t\t<\/a>\n\t\t<\/p>\n\t\t\t\t<div class=\"premium-blog-entry-meta\">\n\t\t\t\n\t\t\t\n\t\t\t\t\t\t\t<span class=\"premium-blog-meta-separator\">\u2022<\/span>\n\t\t\t\t<div class=\"premium-blog-post-categories premium-blog-meta-data\">\n\t\t\t\t\t<i class=\"fa fa-align-left fa-fw\" aria-hidden=\"true\"><\/i>\n\t\t\t\t\t<a href=\"https:\/\/stable-stuff.com\/en\/category\/jahreszeiten-tipps\/\" rel=\"category tag\">Jahreszeiten Tipps<\/a>, <a href=\"https:\/\/stable-stuff.com\/en\/category\/jahreszeiten-tipps\/august\/\" rel=\"category tag\">August<\/a>, <a href=\"https:\/\/stable-stuff.com\/en\/category\/jahreszeiten-tipps\/august\/hitzeschutz\/\" rel=\"category tag\">Hitzeschutz<\/a>\t\t\t\t<\/div>\n\t\t\t\n\t\t\t\t\t<\/div>\n\t\t\n\t\t\t\t\t<\/div>\n\n\t\t\t\t\t\t\t<div class=\"premium-blog-content-inner-wrapper\">\n\t\t<p class=\"premium-blog-post-content\">Die hei\u00dfen Sommermonate stellen eine besondere Herausforderung f\u00fcr die Gesundheit und das Wohlbefinden unserer Pferde dar. W\u00e4hrend wir uns im Schatten abk\u00fchlen \u2026<\/p>\t\t<\/div>\n\t\t\t\t\t\t\t\n\t\t\t\t<\/div>\n\t\t\t<\/div>\n\t\t<\/div>\n\n\t\t\t\t\t\t\t<\/div>\n\n\t\t\t\t\t<div class=\"premium-blog-footer\">\n\t\t\t\t\t\t\t<nav class=\"premium-blog-pagination-container\" role=\"navigation\" aria-label=\"Pagination\">\n\t\t\t\t<span aria-current=\"page\" class=\"page-numbers current\">1<\/span>\n<a class=\"page-numbers\" href=\"https:\/\/stable-stuff.com\/en\/wp-json\/wp\/v2\/pages\/4059\/page\/2\/\">2<\/a>\n<a class=\"next page-numbers\" href=\"https:\/\/stable-stuff.com\/en\/wp-json\/wp\/v2\/pages\/4059\/page\/2\/\">Weiter \u00bb<\/a>\t\t\t<\/nav>\n\t\t\t\t\t\t<\/div>\n\t\t\n\t\t\n\t\t\t\t\t\t<\/div>\n\t\t\t\t<\/div>\n\t\t\t\t<\/div>\n\t\t\t\t\t<\/div>\n\t\t\t\t<\/div>\n\t\t\t\t<\/div>","protected":false},"excerpt":{"rendered":"<p>Sommerausr\u00fcstung f\u00fcrs Pferd: Pflegeprodukte f\u00fcr die hei\u00dfe Jahreszeit Sommerausr\u00fcstung f\u00fcrs Pferd: Pflegeprodukte f\u00fcr die hei\u00dfe Jahreszeit \u2022 Jahreszeiten Tipps, August, Ausr\u00fcstung und Zubeh\u00f6r Die Sommermonate sind f\u00fcr viele Pferdebesitzer eine Zeit voller sch\u00f6ner Ausritte, ausgedehnter Weideg\u00e4nge und intensiver Pflege. Doch die hohe Hitze und die \u2026 Sommerausr\u00fcstung f\u00fcrs Pferd: Insektensprays und Fliegenmasken f\u00fcr optimalen Schutz [&hellip;]<\/p>\n","protected":false},"author":1,"featured_media":0,"parent":4052,"menu_order":0,"comment_status":"closed","ping_status":"closed","template":"elementor_header_footer","meta":{"footnotes":""},"class_list":["post-4059","page","type-page","status-publish","hentry"],"_links":{"self":[{"href":"https:\/\/stable-stuff.com\/en\/wp-json\/wp\/v2\/pages\/4059","targetHints":{"allow":["GET"]}}],"collection":[{"href":"https:\/\/stable-stuff.com\/en\/wp-json\/wp\/v2\/pages"}],"about":[{"href":"https:\/\/stable-stuff.com\/en\/wp-json\/wp\/v2\/types\/page"}],"author":[{"embeddable":true,"href":"https:\/\/stable-stuff.com\/en\/wp-json\/wp\/v2\/users\/1"}],"replies":[{"embeddable":true,"href":"https:\/\/stable-stuff.com\/en\/wp-json\/wp\/v2\/comments?post=4059"}],"version-history":[{"count":3,"href":"https:\/\/stable-stuff.com\/en\/wp-json\/wp\/v2\/pages\/4059\/revisions"}],"predecessor-version":[{"id":4064,"href":"https:\/\/stable-stuff.com\/en\/wp-json\/wp\/v2\/pages\/4059\/revisions\/4064"}],"up":[{"embeddable":true,"href":"https:\/\/stable-stuff.com\/en\/wp-json\/wp\/v2\/pages\/4052"}],"wp:attachment":[{"href":"https:\/\/stable-stuff.com\/en\/wp-json\/wp\/v2\/media?parent=4059"}],"curies":[{"name":"wp","href":"https:\/\/api.w.org\/{rel}","templated":true}]}}